{"id":8998,"date":"2024-04-10T09:32:08","date_gmt":"2024-04-10T08:32:08","guid":{"rendered":"https:\/\/www.biont.sk\/?page_id=8998"},"modified":"2025-09-17T10:38:31","modified_gmt":"2025-09-17T09:38:31","slug":"ochrana-osobnych-udajov-gdpr","status":"publish","type":"page","link":"https:\/\/www.biont.sk\/ochrana-osobnych-udajov-gdpr\/","title":{"rendered":"Ochrana osobn\u00fdch \u00fadajov GDPR"},"content":{"rendered":"\t\t<div data-elementor-type=\"wp-page\" data-elementor-id=\"8998\" class=\"elementor elementor-8998\" data-elementor-post-type=\"page\">\n\t\t\t\t<div class=\"elementor-element elementor-element-7e0a596 e-flex e-con-boxed e-con e-parent\" data-id=\"7e0a596\" data-element_type=\"container\" data-e-type=\"container\">\n\t\t\t\t\t<div class=\"e-con-inner\">\n\t\t\t\t<div class=\"elementor-element elementor-element-75c4327 elementor-widget elementor-widget-heading\" data-id=\"75c4327\" data-element_type=\"widget\" data-e-type=\"widget\" data-widget_type=\"heading.default\">\n\t\t\t\t<div class=\"elementor-widget-container\">\n\t\t\t\t\t<h2 class=\"elementor-heading-title elementor-size-default\">Ochrana osobn\u00fdch \u00fadajov<\/h2>\t\t\t\t<\/div>\n\t\t\t\t<\/div>\n\t\t\t\t<div class=\"elementor-element elementor-element-a4aad23 elementor-widget elementor-widget-text-editor\" data-id=\"a4aad23\" data-element_type=\"widget\" data-e-type=\"widget\" data-widget_type=\"text-editor.default\">\n\t\t\t\t<div class=\"elementor-widget-container\">\n\t\t\t\t\t\t\t\t\t<p>Zabezpe\u010denie ochrany va\u0161ich osobn\u00fdch \u00fadajov je pre n\u00e1s ve\u013emi d\u00f4le\u017eit\u00e9. Preto pri sprac\u00favan\u00ed osobn\u00fdch \u00fadajov d\u00f4sledne dodr\u017eiavame platn\u00e9 pr\u00e1vne predpisy, najm\u00e4 princ\u00edpy a po\u017eiadavky vypl\u00fdvaj\u00face z Nariadenia Eur\u00f3pskeho parlamentu a Rady (E\u00da) 2016\/679, tzv. GDPR, a pr\u00edslu\u0161n\u00fdch ustanoven\u00ed Z\u00e1kona NR SR \u010d. 18\/2018 o ochrane osobn\u00fdch \u00fadajov a o zmene a doplnen\u00ed niektor\u00fdch z\u00e1konov (\u010falej len \u201ez\u00e1kon o\u00a0ochrane osobn\u00fdch \u00fadajov\u201c).<\/p>\t\t\t\t\t\t\t\t<\/div>\n\t\t\t\t<\/div>\n\t\t\t\t<div class=\"elementor-element elementor-element-45982d5 elementor-widget elementor-widget-n-accordion\" data-id=\"45982d5\" data-element_type=\"widget\" data-e-type=\"widget\" data-settings=\"{&quot;default_state&quot;:&quot;all_collapsed&quot;,&quot;max_items_expended&quot;:&quot;multiple&quot;,&quot;n_accordion_animation_duration&quot;:{&quot;unit&quot;:&quot;ms&quot;,&quot;size&quot;:400,&quot;sizes&quot;:[]}}\" data-widget_type=\"nested-accordion.default\">\n\t\t\t\t<div class=\"elementor-widget-container\">\n\t\t\t\t\t\t\t<div class=\"e-n-accordion\" aria-label=\"Accordion. Open links with Enter or Space, close with Escape, and navigate with Arrow Keys\">\n\t\t\t\t\t\t<details id=\"e-n-accordion-item-7290\" class=\"e-n-accordion-item\" >\n\t\t\t\t<summary class=\"e-n-accordion-item-title\" data-accordion-index=\"1\" tabindex=\"0\" aria-expanded=\"false\" aria-controls=\"e-n-accordion-item-7290\" >\n\t\t\t\t\t<span class='e-n-accordion-item-title-header'><div class=\"e-n-accordion-item-title-text\"> 1. Inform\u00e1cia o prev\u00e1dzkovate\u013eovi  <\/div><\/span>\n\t\t\t\t\t\t\t<span class='e-n-accordion-item-title-icon'>\n\t\t\t<span class='e-opened' ><svg aria-hidden=\"true\" class=\"e-font-icon-svg e-fas-minus\" viewBox=\"0 0 448 512\" xmlns=\"http:\/\/www.w3.org\/2000\/svg\"><path d=\"M416 208H32c-17.67 0-32 14.33-32 32v32c0 17.67 14.33 32 32 32h384c17.67 0 32-14.33 32-32v-32c0-17.67-14.33-32-32-32z\"><\/path><\/svg><\/span>\n\t\t\t<span class='e-closed'><svg aria-hidden=\"true\" class=\"e-font-icon-svg e-fas-plus\" viewBox=\"0 0 448 512\" xmlns=\"http:\/\/www.w3.org\/2000\/svg\"><path d=\"M416 208H272V64c0-17.67-14.33-32-32-32h-32c-17.67 0-32 14.33-32 32v144H32c-17.67 0-32 14.33-32 32v32c0 17.67 14.33 32 32 32h144v144c0 17.67 14.33 32 32 32h32c17.67 0 32-14.33 32-32V304h144c17.67 0 32-14.33 32-32v-32c0-17.67-14.33-32-32-32z\"><\/path><\/svg><\/span>\n\t\t<\/span>\n\n\t\t\t\t\t\t<\/summary>\n\t\t\t\t<div role=\"region\" aria-labelledby=\"e-n-accordion-item-7290\" class=\"elementor-element elementor-element-d000451 e-con-full e-flex e-con e-child\" data-id=\"d000451\" data-element_type=\"container\" data-e-type=\"container\">\n\t\t\t\t<div class=\"elementor-element elementor-element-77e26e8 elementor-widget elementor-widget-text-editor\" data-id=\"77e26e8\" data-element_type=\"widget\" data-e-type=\"widget\" data-widget_type=\"text-editor.default\">\n\t\t\t\t<div class=\"elementor-widget-container\">\n\t\t\t\t\t\t\t\t\t<p>Prev\u00e1dzkovate\u013eom pri sprac\u00favan\u00ed Va\u0161ich osobn\u00fdch \u00fadajov je spolo\u010dnos\u0165 BIONT, a.s., I\u010cO: 35 917 571, so s\u00eddlom na Karloveskej 63, 842 29 v Bratislave, zap\u00edsan\u00e1 v Obchodnom registri Okresn\u00e9ho s\u00fadu Bratislava I, Oddiel: Sa, Vlo\u017eka \u010d\u00edslo: 3505\/B, kontakt: biont@biont.sk, 02\/206 70 749 (\u010falej len \u201eBIONT\u201c).<\/p>\t\t\t\t\t\t\t\t<\/div>\n\t\t\t\t<\/div>\n\t\t\t\t<\/div>\n\t\t\t\t\t<\/details>\n\t\t\t\t\t\t<details id=\"e-n-accordion-item-7291\" class=\"e-n-accordion-item\" >\n\t\t\t\t<summary class=\"e-n-accordion-item-title\" data-accordion-index=\"2\" tabindex=\"-1\" aria-expanded=\"false\" aria-controls=\"e-n-accordion-item-7291\" >\n\t\t\t\t\t<span class='e-n-accordion-item-title-header'><div class=\"e-n-accordion-item-title-text\"> 2. Ako n\u00e1s m\u00f4\u017eete kontaktova\u0165?  <\/div><\/span>\n\t\t\t\t\t\t\t<span class='e-n-accordion-item-title-icon'>\n\t\t\t<span class='e-opened' ><svg aria-hidden=\"true\" class=\"e-font-icon-svg e-fas-minus\" viewBox=\"0 0 448 512\" xmlns=\"http:\/\/www.w3.org\/2000\/svg\"><path d=\"M416 208H32c-17.67 0-32 14.33-32 32v32c0 17.67 14.33 32 32 32h384c17.67 0 32-14.33 32-32v-32c0-17.67-14.33-32-32-32z\"><\/path><\/svg><\/span>\n\t\t\t<span class='e-closed'><svg aria-hidden=\"true\" class=\"e-font-icon-svg e-fas-plus\" viewBox=\"0 0 448 512\" xmlns=\"http:\/\/www.w3.org\/2000\/svg\"><path d=\"M416 208H272V64c0-17.67-14.33-32-32-32h-32c-17.67 0-32 14.33-32 32v144H32c-17.67 0-32 14.33-32 32v32c0 17.67 14.33 32 32 32h144v144c0 17.67 14.33 32 32 32h32c17.67 0 32-14.33 32-32V304h144c17.67 0 32-14.33 32-32v-32c0-17.67-14.33-32-32-32z\"><\/path><\/svg><\/span>\n\t\t<\/span>\n\n\t\t\t\t\t\t<\/summary>\n\t\t\t\t<div role=\"region\" aria-labelledby=\"e-n-accordion-item-7291\" class=\"elementor-element elementor-element-0737512 e-con-full e-flex e-con e-child\" data-id=\"0737512\" data-element_type=\"container\" data-e-type=\"container\">\n\t\t\t\t<div class=\"elementor-element elementor-element-8d08fe6 elementor-widget elementor-widget-text-editor\" data-id=\"8d08fe6\" data-element_type=\"widget\" data-e-type=\"widget\" data-widget_type=\"text-editor.default\">\n\t\t\t\t<div class=\"elementor-widget-container\">\n\t\t\t\t\t\t\t\t\t<p>V pr\u00edpade ak\u00fdchko\u013evek ot\u00e1zok s\u00favisiacich so sprac\u00favan\u00edm Va\u0161ich osobn\u00fdch \u00fadajov, pros\u00edm, kontaktujte n\u00e1\u0161ho DPO (Data Protection Officer), ktor\u00fd je poveren\u00fd doh\u013eadom nad sprac\u00favan\u00edm osobn\u00fdch \u00fadajov v na\u0161ej spolo\u010dnosti. DPO m\u00f4\u017eete kontaktova\u0165 emailom na gdpr@biont.sk alebo p\u00edsomne na adrese: DPO, BIONT, a.s., Karlovesk\u00e1 63, 842 29 Bratislava.\u00a0<\/p>\t\t\t\t\t\t\t\t<\/div>\n\t\t\t\t<\/div>\n\t\t\t\t<\/div>\n\t\t\t\t\t<\/details>\n\t\t\t\t\t\t<details id=\"e-n-accordion-item-7292\" class=\"e-n-accordion-item\" >\n\t\t\t\t<summary class=\"e-n-accordion-item-title\" data-accordion-index=\"3\" tabindex=\"-1\" aria-expanded=\"false\" aria-controls=\"e-n-accordion-item-7292\" >\n\t\t\t\t\t<span class='e-n-accordion-item-title-header'><div class=\"e-n-accordion-item-title-text\"> 3. Pre\u010do sprac\u00favame osobn\u00e9 \u00fadaje?  <\/div><\/span>\n\t\t\t\t\t\t\t<span class='e-n-accordion-item-title-icon'>\n\t\t\t<span class='e-opened' ><svg aria-hidden=\"true\" class=\"e-font-icon-svg e-fas-minus\" viewBox=\"0 0 448 512\" xmlns=\"http:\/\/www.w3.org\/2000\/svg\"><path d=\"M416 208H32c-17.67 0-32 14.33-32 32v32c0 17.67 14.33 32 32 32h384c17.67 0 32-14.33 32-32v-32c0-17.67-14.33-32-32-32z\"><\/path><\/svg><\/span>\n\t\t\t<span class='e-closed'><svg aria-hidden=\"true\" class=\"e-font-icon-svg e-fas-plus\" viewBox=\"0 0 448 512\" xmlns=\"http:\/\/www.w3.org\/2000\/svg\"><path d=\"M416 208H272V64c0-17.67-14.33-32-32-32h-32c-17.67 0-32 14.33-32 32v144H32c-17.67 0-32 14.33-32 32v32c0 17.67 14.33 32 32 32h144v144c0 17.67 14.33 32 32 32h32c17.67 0 32-14.33 32-32V304h144c17.67 0 32-14.33 32-32v-32c0-17.67-14.33-32-32-32z\"><\/path><\/svg><\/span>\n\t\t<\/span>\n\n\t\t\t\t\t\t<\/summary>\n\t\t\t\t<div role=\"region\" aria-labelledby=\"e-n-accordion-item-7292\" class=\"elementor-element elementor-element-d064940 e-con-full e-flex e-con e-child\" data-id=\"d064940\" data-element_type=\"container\" data-e-type=\"container\">\n\t\t\t\t<div class=\"elementor-element elementor-element-f03eee4 elementor-widget elementor-widget-text-editor\" data-id=\"f03eee4\" data-element_type=\"widget\" data-e-type=\"widget\" data-widget_type=\"text-editor.default\">\n\t\t\t\t<div class=\"elementor-widget-container\">\n\t\t\t\t\t\t\t\t\t<p>Sprac\u00favanie osobn\u00fdch \u00fadajov je z\u00a0na\u0161ej strany nevyhnutn\u00e9 najm\u00e4 preto, aby sme mohli:<\/p><ul><li>poskytova\u0165 zdravotn\u00fa starostlivos\u0165,<\/li><li>sprac\u00fava\u0165 inform\u00e1cie o\u00a0z\u00e1konn\u00fdch z\u00e1stupcoch,<\/li><li>hl\u00e1si\u0165 ne\u017eiad\u00face \u00fa\u010dinky a\u00a0ne\u017eiad\u00face udalosti,<\/li><li>vies\u0165 evidenciu \u00fa\u010dtovn\u00edctva,<\/li><li>komunikova\u0165 s Vami,<\/li><li>poskytova\u0165 n\u00e1jom a pren\u00e1jom,<\/li><li>pred\u00e1va\u0165 a distribuova\u0165 r\u00e1diofarmak\u00e1,<\/li><li>uzatv\u00e1ra\u0165 ostatn\u00e9 zmluvn\u00e9 vz\u0165ahy.<\/li><\/ul>\t\t\t\t\t\t\t\t<\/div>\n\t\t\t\t<\/div>\n\t\t\t\t<\/div>\n\t\t\t\t\t<\/details>\n\t\t\t\t\t\t<details id=\"e-n-accordion-item-7293\" class=\"e-n-accordion-item\" >\n\t\t\t\t<summary class=\"e-n-accordion-item-title\" data-accordion-index=\"4\" tabindex=\"-1\" aria-expanded=\"false\" aria-controls=\"e-n-accordion-item-7293\" >\n\t\t\t\t\t<span class='e-n-accordion-item-title-header'><div class=\"e-n-accordion-item-title-text\"> 4. Na ak\u00e9 \u00fa\u010dely, na ak\u00fa lehotu a na z\u00e1klade ak\u00fdch pr\u00e1vnych z\u00e1kladov sprac\u00favame osobn\u00e9 \u00fadaje?  <\/div><\/span>\n\t\t\t\t\t\t\t<span class='e-n-accordion-item-title-icon'>\n\t\t\t<span class='e-opened' ><svg aria-hidden=\"true\" class=\"e-font-icon-svg e-fas-minus\" viewBox=\"0 0 448 512\" xmlns=\"http:\/\/www.w3.org\/2000\/svg\"><path d=\"M416 208H32c-17.67 0-32 14.33-32 32v32c0 17.67 14.33 32 32 32h384c17.67 0 32-14.33 32-32v-32c0-17.67-14.33-32-32-32z\"><\/path><\/svg><\/span>\n\t\t\t<span class='e-closed'><svg aria-hidden=\"true\" class=\"e-font-icon-svg e-fas-plus\" viewBox=\"0 0 448 512\" xmlns=\"http:\/\/www.w3.org\/2000\/svg\"><path d=\"M416 208H272V64c0-17.67-14.33-32-32-32h-32c-17.67 0-32 14.33-32 32v144H32c-17.67 0-32 14.33-32 32v32c0 17.67 14.33 32 32 32h144v144c0 17.67 14.33 32 32 32h32c17.67 0 32-14.33 32-32V304h144c17.67 0 32-14.33 32-32v-32c0-17.67-14.33-32-32-32z\"><\/path><\/svg><\/span>\n\t\t<\/span>\n\n\t\t\t\t\t\t<\/summary>\n\t\t\t\t<div role=\"region\" aria-labelledby=\"e-n-accordion-item-7293\" class=\"elementor-element elementor-element-c4e42d0 e-con-full e-flex e-con e-child\" data-id=\"c4e42d0\" data-element_type=\"container\" data-e-type=\"container\">\n\t\t\t\t<div class=\"elementor-element elementor-element-8d4532d elementor-widget elementor-widget-n-accordion\" data-id=\"8d4532d\" data-element_type=\"widget\" data-e-type=\"widget\" data-settings=\"{&quot;default_state&quot;:&quot;all_collapsed&quot;,&quot;max_items_expended&quot;:&quot;multiple&quot;,&quot;n_accordion_animation_duration&quot;:{&quot;unit&quot;:&quot;ms&quot;,&quot;size&quot;:400,&quot;sizes&quot;:[]}}\" data-widget_type=\"nested-accordion.default\">\n\t\t\t\t<div class=\"elementor-widget-container\">\n\t\t\t\t\t\t\t<div class=\"e-n-accordion\" aria-label=\"Accordion. Open links with Enter or Space, close with Escape, and navigate with Arrow Keys\">\n\t\t\t\t\t\t<details id=\"e-n-accordion-item-1480\" class=\"e-n-accordion-item\" >\n\t\t\t\t<summary class=\"e-n-accordion-item-title\" data-accordion-index=\"1\" tabindex=\"0\" aria-expanded=\"false\" aria-controls=\"e-n-accordion-item-1480\" >\n\t\t\t\t\t<span class='e-n-accordion-item-title-header'><div class=\"e-n-accordion-item-title-text\"> Evidencia ambulantn\u00fdch pacientov  <\/div><\/span>\n\t\t\t\t\t\t\t\t\t<\/summary>\n\t\t\t\t<div role=\"region region\" aria-labelledby=\"e-n-accordion-item-7293 e-n-accordion-item-1480\" class=\"elementor-element elementor-element-0709278 e-con-full e-flex e-con e-child\" data-id=\"0709278\" data-element_type=\"container\" data-e-type=\"container\">\n\t\t\t\t<div class=\"elementor-element elementor-element-f385979 elementor-widget elementor-widget-text-editor\" data-id=\"f385979\" data-element_type=\"widget\" data-e-type=\"widget\" data-widget_type=\"text-editor.default\">\n\t\t\t\t<div class=\"elementor-widget-container\">\n\t\t\t\t\t\t\t\t\t<p><b>\u00da\u010del:<\/b> Z\u00e1kladn\u00fdm \u00fa\u010delom je poskytovanie ambulantnej zdravotnej starostlivosti pacientom. Jedn\u00e1 sa najm\u00e4 o diagnostiku, lie\u010dbu a dispenz\u00e1rnu starostlivos\u0165 o pacientov, ktor\u00e1 nem\u00f4\u017ee by\u0165 pacientom poskytnut\u00e1 bez spracovania\u00a0 a evidencie osobn\u00fdch \u00fadajov o pacientovi, z\u00e1znamov o hospitaliz\u00e1cii, chorobopisov, rozpisov poskytnutej zdravotnej\u00a0 starostlivosti a predpokladan\u00fdch n\u00e1kladov.<\/p><p><b>Pr\u00e1vny z\u00e1klad pod\u013ea GDPR:<\/b> Plnenie z\u00e1konnej povinnosti prev\u00e1dzkovate\u013ea v zmysle \u010dl\u00e1nku 6 ods. 1 p\u00edsm. c)Nariadenia. \u00dastava SR \u010d. 460\/1992 Zb., Z\u00e1kon \u010d. 576\/2004 Z. z. o\u00a0zdravotnej starostlivosti, slu\u017eb\u00e1ch s\u00favisiacich s\u00a0poskytovan\u00edm zdravotnej starostlivosti a\u00a0o\u00a0zmene a\u00a0doplnen\u00ed niektor\u00fdch z\u00e1konov v\u00a0znen\u00ed neskor\u0161\u00edch predpisov,\u00a0z\u00e1kon \u010d. 577\/2004 Z. z. o\u00a0rozsahu zdravotnej\u00a0 starostlivosti uhr\u00e1dzanej na z\u00e1klade verejn\u00e9ho zdravotn\u00e9ho poistenia a\u00a0o\u00a0\u00fahrade za slu\u017eby s\u00favisiace s\u00a0poskytovan\u00edm zdravotnej starostlivosti v znen\u00ed neskor\u0161\u00edch predpisov, z\u00e1kon \u010d. 578\/2004 Z. z. o\u00a0poskytovate\u013eoch zdravotnej starostlivosti, zdravotn\u00edckych pracovn\u00edkoch, stavovsk\u00fdch organiz\u00e1ci\u00e1ch v\u00a0zdravotn\u00edctve a\u00a0o\u00a0zmene a\u00a0doplnen\u00ed niektor\u00fdch z\u00e1konov v\u00a0znen\u00ed neskor\u0161\u00edch predpisov, z\u00e1kon \u010d. 580\/2004\u00a0Z. z. o\u00a0zdravotnom poisten\u00ed, v\u00a0znen\u00ed neskor\u0161\u00edch pr\u00e1vnych predpisov, z\u00e1kon \u010d. 581\/2004\u00a0Z. z. o\u00a0zdravotn\u00fdch pois\u0165ovniach, doh\u013eade nad zdravotnou starostlivos\u0165ou a\u00a0o\u00a0zmene a\u00a0doplnen\u00ed niektor\u00fdch z\u00e1konov v\u00a0znen\u00ed neskor\u0161\u00edch predpisov, z\u00e1kon \u010d. 362\/2011 Z. z. o\u00a0lieku a\u00a0zdravotn\u00edckych pom\u00f4ckach v\u00a0znen\u00ed neskor\u0161\u00edch predpisov, odborn\u00e9 usmernenie MZ SR \u010diastka 42 \u2013 48 z\u00a015.10.2009 o\u00a0veden\u00ed zdravotnej dokument\u00e1cie uverejnen\u00e9 vo Vestn\u00edku MZ SR, \u010d.307\/2014 Z. z. o\u00a0niektor\u00fdch opatreniach s\u00favisiacich s\u00a0oznamovan\u00edm protispolo\u010denskej \u010dinnosti a\u00a0o\u00a0zmene a\u00a0doplnen\u00ed niektor\u00fdch z\u00e1konov, z\u00e1kon \u010d.374\/2014 Z. z. o poh\u013ead\u00e1vkach \u0161t\u00e1tu a o zmene a doplnen\u00ed niektor\u00fdch z\u00e1konov.<\/p><p><strong>Lehoty na vymazanie os. \u00fadajov: <\/strong>Lehoty na vymazanie os. \u00fadajov 30 rokov od posledn\u00e9ho poskytnutia zdravotnej starostlivosti.<\/p>\t\t\t\t\t\t\t\t<\/div>\n\t\t\t\t<\/div>\n\t\t\t\t<\/div>\n\t\t\t\t\t<\/details>\n\t\t\t\t\t\t<details id=\"e-n-accordion-item-1481\" class=\"e-n-accordion-item\" >\n\t\t\t\t<summary class=\"e-n-accordion-item-title\" data-accordion-index=\"2\" tabindex=\"-1\" aria-expanded=\"false\" aria-controls=\"e-n-accordion-item-1481\" >\n\t\t\t\t\t<span class='e-n-accordion-item-title-header'><div class=\"e-n-accordion-item-title-text\"> Elektronick\u00e1 \u017eiadanka  <\/div><\/span>\n\t\t\t\t\t\t\t\t\t<\/summary>\n\t\t\t\t<div role=\"region region\" aria-labelledby=\"e-n-accordion-item-7293 e-n-accordion-item-1481\" class=\"elementor-element elementor-element-61689fd e-con-full e-flex e-con e-child\" data-id=\"61689fd\" data-element_type=\"container\" data-e-type=\"container\">\n\t\t\t\t<div class=\"elementor-element elementor-element-126005a elementor-widget elementor-widget-text-editor\" data-id=\"126005a\" data-element_type=\"widget\" data-e-type=\"widget\" data-widget_type=\"text-editor.default\">\n\t\t\t\t<div class=\"elementor-widget-container\">\n\t\t\t\t\t\t\t\t\t<p><strong>\u00da\u010del:<\/strong>\u00a0\u00da\u010delom sprac\u00favania osobn\u00fdch \u00fadajov je sprac\u00favanie osobn\u00fdch \u00fadajov \u017eiadate\u013eov \u2013 o\u0161etruj\u00facich lek\u00e1rov a\u00a0ich pacientov potrebn\u00fdch pre zaslanie online \u017eiadanky na vy\u0161etrenie prostredn\u00edctvom online formul\u00e1ra na webovom s\u00eddle prev\u00e1dzkovate\u013ea.<\/p><p><strong>Pr\u00e1vny z\u00e1klad pod\u013ea GDPR:<\/strong>\u00a0Plnenie z\u00e1konnej povinnosti prev\u00e1dzkovate\u013ea v zmysle \u010dl\u00e1nku 6 ods. 1 p\u00edsm. c) Nariadenia. \u00dastava SR \u010d. 460\/1992 Zb., Z\u00e1kon \u010d. 576\/2004 Z. z. o\u00a0zdravotnej starostlivosti, slu\u017eb\u00e1ch s\u00favisiacich s\u00a0poskytovan\u00edm zdravotnej starostlivosti a\u00a0o\u00a0zmene a\u00a0doplnen\u00ed niektor\u00fdch z\u00e1konov v\u00a0znen\u00ed neskor\u0161\u00edch predpisov,\u00a0 z\u00e1kon \u010d. 577\/2004 Z. z. o\u00a0rozsahu zdravotnej\u00a0 starostlivosti uhr\u00e1dzanej na z\u00e1klade verejn\u00e9ho zdravotn\u00e9ho poistenia a\u00a0o\u00a0\u00fahrade za slu\u017eby s\u00favisiace s\u00a0poskytovan\u00edm zdravotnej starostlivosti v znen\u00ed neskor\u0161\u00edch predpisov, z\u00e1kon \u010d.578\/2004 Z. z. o\u00a0poskytovate\u013eoch zdravotnej starostlivosti, zdravotn\u00edckych pracovn\u00edkoch, stavovsk\u00fdch organiz\u00e1ci\u00e1ch v\u00a0zdravotn\u00edctve a\u00a0o\u00a0zmene a\u00a0doplnen\u00ed niektor\u00fdch z\u00e1konov v\u00a0znen\u00ed neskor\u0161\u00edch predpisov, z\u00e1kon \u010d. 580\/2004\u00a0 Z. z. o\u00a0zdravotnom poisten\u00ed, v\u00a0znen\u00ed neskor\u0161\u00edch pr\u00e1vnych predpisov, z\u00e1kon \u010d. 581\/2004\u00a0Z. z. o\u00a0zdravotn\u00fdch pois\u0165ovniach, doh\u013eade nad zdravotnou starostlivos\u0165ou a\u00a0o\u00a0zmene a\u00a0doplnen\u00ed niektor\u00fdch z\u00e1konov v\u00a0znen\u00ed neskor\u0161\u00edch predpisov, z\u00e1kon \u010d. 362\/2011 Z. z. o\u00a0lieku a\u00a0zdravotn\u00edckych pom\u00f4ckach v\u00a0znen\u00ed neskor\u0161\u00edch predpisov, odborn\u00e9 usmernenie MZ SR \u010diastka 42 \u2013 48 z\u00a015.10.2009 o\u00a0veden\u00ed zdravotnej dokument\u00e1cie uverejnen\u00e9 vo Vestn\u00edku MZ SR, \u010d.307\/2014 Z. z. o\u00a0niektor\u00fdch opatreniach s\u00favisiacich s\u00a0oznamovan\u00edm protispolo\u010denskej \u010dinnosti a\u00a0o\u00a0zmene a\u00a0doplnen\u00ed niektor\u00fdch z\u00e1konov, z\u00e1kon \u010d. 374\/2014 Z. z. o poh\u013ead\u00e1vkach \u0161t\u00e1tu a o zmene a doplnen\u00ed niektor\u00fdch z\u00e1konov.<\/p><p><strong>Lehoty na vymazanie os. \u00fadajov:<\/strong> 30 rokov od posledn\u00e9ho poskytnutia zdravotnej starostlivosti.<\/p>\t\t\t\t\t\t\t\t<\/div>\n\t\t\t\t<\/div>\n\t\t\t\t<\/div>\n\t\t\t\t\t<\/details>\n\t\t\t\t\t\t<details id=\"e-n-accordion-item-1482\" class=\"e-n-accordion-item\" >\n\t\t\t\t<summary class=\"e-n-accordion-item-title\" data-accordion-index=\"3\" tabindex=\"-1\" aria-expanded=\"false\" aria-controls=\"e-n-accordion-item-1482\" >\n\t\t\t\t\t<span class='e-n-accordion-item-title-header'><div class=\"e-n-accordion-item-title-text\"> Hl\u00e1senia pacientov  <\/div><\/span>\n\t\t\t\t\t\t\t\t\t<\/summary>\n\t\t\t\t<div role=\"region region\" aria-labelledby=\"e-n-accordion-item-7293 e-n-accordion-item-1482\" class=\"elementor-element elementor-element-d026856 e-con-full e-flex e-con e-child\" data-id=\"d026856\" data-element_type=\"container\" data-e-type=\"container\">\n\t\t\t\t<div class=\"elementor-element elementor-element-f2e8c98 elementor-widget elementor-widget-text-editor\" data-id=\"f2e8c98\" data-element_type=\"widget\" data-e-type=\"widget\" data-widget_type=\"text-editor.default\">\n\t\t\t\t<div class=\"elementor-widget-container\">\n\t\t\t\t\t\t\t\t\t<p><strong>\u00da\u010del:<\/strong>\u00a0\u00da\u010delom sprac\u00favania osobn\u00fdch \u00fadajov fyzick\u00fdch os\u00f4b \u2013 pacientov je hl\u00e1senie ne\u017eiad\u00faceho \u00fa\u010dinku lieku v r\u00e1mci farmakovigilancie pod\u013ea z\u00e1kona \u010d. 362\/2011 o liekoch a zdravotn\u00edckych pom\u00f4ckach.<\/p><p><strong>Pr\u00e1vny z\u00e1klad pod\u013ea GDPR:<\/strong>\u00a0 Plnenie z\u00e1konnej povinnosti prev\u00e1dzkovate\u013ea v zmysle \u010dl\u00e1nku 6 ods. 1 p\u00edsm. c) Nariadenia. Z\u00e1kon \u010d. 362\/2011 Z. z\u00a0 &#8211; Z\u00e1kon o liekoch a zdravotn\u00edckych pom\u00f4ckach.<\/p><p><strong>Lehoty na vymazanie os. \u00fadajov:<\/strong> 10 rokov po skon\u010den\u00ed \u00fa\u010delu sprac\u00favania.<\/p>\t\t\t\t\t\t\t\t<\/div>\n\t\t\t\t<\/div>\n\t\t\t\t<\/div>\n\t\t\t\t\t<\/details>\n\t\t\t\t\t\t<details id=\"e-n-accordion-item-1483\" class=\"e-n-accordion-item\" >\n\t\t\t\t<summary class=\"e-n-accordion-item-title\" data-accordion-index=\"4\" tabindex=\"-1\" aria-expanded=\"false\" aria-controls=\"e-n-accordion-item-1483\" >\n\t\t\t\t\t<span class='e-n-accordion-item-title-header'><div class=\"e-n-accordion-item-title-text\"> Poskytovanie \u00fadajov zo zdravotnej dokument\u00e1cie tret\u00edm osob\u00e1m  <\/div><\/span>\n\t\t\t\t\t\t\t\t\t<\/summary>\n\t\t\t\t<div role=\"region region\" aria-labelledby=\"e-n-accordion-item-7293 e-n-accordion-item-1483\" class=\"elementor-element elementor-element-2715ee2 e-con-full e-flex e-con e-child\" data-id=\"2715ee2\" data-element_type=\"container\" data-e-type=\"container\">\n\t\t\t\t<div class=\"elementor-element elementor-element-c638c3e elementor-widget elementor-widget-text-editor\" data-id=\"c638c3e\" data-element_type=\"widget\" data-e-type=\"widget\" data-widget_type=\"text-editor.default\">\n\t\t\t\t<div class=\"elementor-widget-container\">\n\t\t\t\t\t\t\t\t\t<p><strong>\u00da\u010del:\u00a0<\/strong>\u00da\u010delom sprac\u00favania osobn\u00fdch \u00fadajov v\u00a0r\u00e1mci predmetnej agendy je plnenie z\u00e1konn\u00fdch\u00a0 povinnost\u00ed prev\u00e1dzkovate\u013ea poskytn\u00fa\u0165 \u00fadaje zo zdravotnej dokument\u00e1cie pacienta tret\u00edm osob\u00e1m, ktor\u00e9 o to po\u017eiadaj\u00fa a\u00a0 z\u00e1kon umo\u017e\u0148uje im tieto \u00fadaje poskytn\u00fa\u0165, pri\u010dom ur\u010duje podmienky poskytnutia (rozsah, sp\u00f4sob. a pod.).<\/p><p><strong>Pr\u00e1vny z\u00e1klad pod\u013ea GDPR:<\/strong>\u00a0Plnenie z\u00e1konnej povinnosti prev\u00e1dzkovate\u013ea v zmysle \u010dl\u00e1nku 6 ods. 1 p\u00edsm. c) Nariadenia. \u00a7 23-25 z\u00e1kona NR SR \u010d. 576\/2004 Z. z. o poskytovan\u00ed zdravotnej starostlivosti.<\/p><p><strong>Lehoty na vymazanie os. \u00fadajov:<\/strong> 30 rokov.<\/p>\t\t\t\t\t\t\t\t<\/div>\n\t\t\t\t<\/div>\n\t\t\t\t<\/div>\n\t\t\t\t\t<\/details>\n\t\t\t\t\t\t<details id=\"e-n-accordion-item-1484\" class=\"e-n-accordion-item\" >\n\t\t\t\t<summary class=\"e-n-accordion-item-title\" data-accordion-index=\"5\" tabindex=\"-1\" aria-expanded=\"false\" aria-controls=\"e-n-accordion-item-1484\" >\n\t\t\t\t\t<span class='e-n-accordion-item-title-header'><div class=\"e-n-accordion-item-title-text\"> Klinick\u00e9 \u0161t\u00fadie, v\u00fdskum  <\/div><\/span>\n\t\t\t\t\t\t\t\t\t<\/summary>\n\t\t\t\t<div role=\"region region\" aria-labelledby=\"e-n-accordion-item-7293 e-n-accordion-item-1484\" class=\"elementor-element elementor-element-8c167d8 e-con-full e-flex e-con e-child\" data-id=\"8c167d8\" data-element_type=\"container\" data-e-type=\"container\">\n\t\t\t\t<div class=\"elementor-element elementor-element-9fb25a7 elementor-widget elementor-widget-text-editor\" data-id=\"9fb25a7\" data-element_type=\"widget\" data-e-type=\"widget\" data-widget_type=\"text-editor.default\">\n\t\t\t\t<div class=\"elementor-widget-container\">\n\t\t\t\t\t\t\t\t\t<p><b>\u00da\u010del:<\/b>\u00a0Vedenie evidencie o pacientoch, ktor\u00ed s\u00fa zaraden\u00ed do klinickej \u0161t\u00fadie alebo sa z\u00fa\u010dastnili na klinickej \u0161t\u00fadii a v\u00fdskume organizovanom prev\u00e1dzkovate\u013eom a\u00a0evidencie o priebehu samotnej klinickej \u0161t\u00fadie a v\u00fdskumu.\u00a0 \u00a0<\/p><p><b>Pr\u00e1vny z\u00e1klad pod\u013ea GDPR:\u00a0<\/b>Plnenie z\u00e1konnej povinnosti prev\u00e1dzkovate\u013ea v zmysle \u010dl\u00e1nku 6 ods. 1 p\u00edsm. c)Nariadenia. \u00dastava SR \u010d. 460\/1992 Zb., Z\u00e1kon NR SR\u00a0 \u010d. 576\/2004 Z. z. o poskytovan\u00ed zdravotnej starostlivosti v\u00a0znen\u00ed neskor\u0161\u00edch predpisov, Z\u00e1kon NR SR \u010d. 362\/2011 Z. z. o liekoch a zdravotn\u00edckych pom\u00f4ckach a o zmene a doplnen\u00ed niektor\u00fdch z\u00e1konov. Smernica Eur\u00f3pskeho parlamentu a Rady 96\/46\/EC z 24.okt. 1995 O ochrane jednotlivcov pri spracovan\u00ed osobn\u00fdch \u00fadajov a vo\u013enom pohybe t\u00fdchto \u00fadajov.<\/p><p><b>Lehoty na vymazanie os. \u00fadajov:<\/b> 20 rokov.<\/p>\t\t\t\t\t\t\t\t<\/div>\n\t\t\t\t<\/div>\n\t\t\t\t<\/div>\n\t\t\t\t\t<\/details>\n\t\t\t\t\t\t<details id=\"e-n-accordion-item-1485\" class=\"e-n-accordion-item\" >\n\t\t\t\t<summary class=\"e-n-accordion-item-title\" data-accordion-index=\"6\" tabindex=\"-1\" aria-expanded=\"false\" aria-controls=\"e-n-accordion-item-1485\" >\n\t\t\t\t\t<span class='e-n-accordion-item-title-header'><div class=\"e-n-accordion-item-title-text\"> Evidencia vstupov do kontrolovan\u00e9ho p\u00e1sma  <\/div><\/span>\n\t\t\t\t\t\t\t\t\t<\/summary>\n\t\t\t\t<div role=\"region region\" aria-labelledby=\"e-n-accordion-item-7293 e-n-accordion-item-1485\" class=\"elementor-element elementor-element-98c452a e-con-full e-flex e-con e-child\" data-id=\"98c452a\" data-element_type=\"container\" data-e-type=\"container\">\n\t\t\t\t<div class=\"elementor-element elementor-element-fe1e7ad elementor-widget elementor-widget-text-editor\" data-id=\"fe1e7ad\" data-element_type=\"widget\" data-e-type=\"widget\" data-widget_type=\"text-editor.default\">\n\t\t\t\t<div class=\"elementor-widget-container\">\n\t\t\t\t\t\t\t\t\t<p><b>\u00da\u010del:<\/b>\u00a0\u00da\u010delom sprac\u00favania osobn\u00fdch \u00fadajov v\u00a0r\u00e1mci predmetnej agendy je evidencia vstupov do priestorov, v\u00a0ktor\u00fdch sa pracuje s\u00a0r\u00e1dioakt\u00edvnymi materi\u00e1lmi.<\/p><p><b>Pr\u00e1vny z\u00e1klad pod\u013ea GDPR:<\/b> Plnenie z\u00e1konnej povinnosti prev\u00e1dzkovate\u013ea v zmysle \u010dl\u00e1nku 6 ods. 1 p\u00edsm. c)Nariadenia. Z\u00e1kon NR SR \u010d. 87\/2018 Z. z. o radia\u010dnej ochrane a o zmene a doplnen\u00ed niektor\u00fdch z\u00e1konov, Vyhl\u00e1\u0161ka MZ SR \u010d. 99\/2018 o zabezpe\u010den\u00ed radia\u010dnej ochrany, Vyhl\u00e1\u0161ka MZ SR \u010d. 101\/2018\u00a0 ktorou sa ustanovuj\u00fa podrobnosti o zabezpe\u010den\u00ed radia\u010dnej ochrany pri vykon\u00e1van\u00ed lek\u00e1rskeho o\u017eiarenia.<\/p><p><b>Lehoty na vymazanie os. \u00fadajov:<\/b> Z\u00e1znamy radia\u010dnej ochrany sa v zmysle registrat\u00farneho poriadku archivuj\u00fa 30 rokov.<br \/>Dokument\u00e1cia sa uchov\u00e1va a\u017e do doby, ke\u010f osoba dosiahla alebo by dosiahla 75 rokov, v\u00a0ka\u017edom pr\u00edpade v\u0161ak najmenej 30 rokov po ukon\u010den\u00ed pracovnej \u010dinnosti.\u00a0\u00a0\u00a0\u00a0\u00a0\u00a0\u00a0\u00a0\u00a0\u00a0\u00a0\u00a0\u00a0\u00a0\u00a0\u00a0\u00a0\u00a0\u00a0 \u00a0<\/p>\t\t\t\t\t\t\t\t<\/div>\n\t\t\t\t<\/div>\n\t\t\t\t<\/div>\n\t\t\t\t\t<\/details>\n\t\t\t\t\t\t<details id=\"e-n-accordion-item-1486\" class=\"e-n-accordion-item\" >\n\t\t\t\t<summary class=\"e-n-accordion-item-title\" data-accordion-index=\"7\" tabindex=\"-1\" aria-expanded=\"false\" aria-controls=\"e-n-accordion-item-1486\" >\n\t\t\t\t\t<span class='e-n-accordion-item-title-header'><div class=\"e-n-accordion-item-title-text\"> Kamerov\u00fd syst\u00e9m  <\/div><\/span>\n\t\t\t\t\t\t\t\t\t<\/summary>\n\t\t\t\t<div role=\"region region\" aria-labelledby=\"e-n-accordion-item-7293 e-n-accordion-item-1486\" class=\"elementor-element elementor-element-e6d7ab5 e-con-full e-flex e-con e-child\" data-id=\"e6d7ab5\" data-element_type=\"container\" data-e-type=\"container\">\n\t\t\t\t<div class=\"elementor-element elementor-element-d7f8145 elementor-widget elementor-widget-text-editor\" data-id=\"d7f8145\" data-element_type=\"widget\" data-e-type=\"widget\" data-widget_type=\"text-editor.default\">\n\t\t\t\t<div class=\"elementor-widget-container\">\n\t\t\t\t\t\t\t\t\t<p><b>\u00da\u010del:&nbsp;<\/b>\u00da\u010delom sprac\u00favania osobn\u00fdch \u00fadajov v&nbsp;r\u00e1mci predmetnej agendy je monitorovanie priestorov kamerov\u00fdm syst\u00e9mom z d\u00f4vodu:<\/p>\n<p><b>A) <\/b>ochrany majetku prev\u00e1dzkovate\u013ea pred kr\u00e1de\u017eou, vl\u00e1man\u00edm, l\u00fape\u017eou, resp. in\u00fdm vandalizmom ako aj zabezpe\u010denie bezpe\u010dnosti prev\u00e1dzkovate\u013ea a&nbsp;dotknut\u00fdch os\u00f4b;<br><span style=\"color: var( --e-global-color-text ); font-family: var( --e-global-typography-text-font-family ), Sans-serif; font-size: var( --e-global-typography-text-font-size ); text-align: var(--text-align);\"><b>B) <\/b><\/span><span style=\"color: var( --e-global-color-text ); font-family: var( --e-global-typography-text-font-family ), Sans-serif; font-size: var( --e-global-typography-text-font-size ); font-weight: var( --e-global-typography-text-font-weight ); text-align: var(--text-align);\">ochrany \u017eivota a zdravia dotknut\u00fdch os\u00f4b \u2013 pacientov pri podstupovan\u00ed r\u00e1dioakt\u00edvnej lie\u010dby.<\/span><\/p>\n<p><b>Pr\u00e1vny z\u00e1klad pod\u013ea GDPR:<\/b> Opr\u00e1vnen\u00fd z\u00e1ujem v&nbsp;zmysle \u010dl\u00e1nku 6 ods. 1p\u00edsm. f) Nariadenia. Hlavn\u00fdm opr\u00e1vnen\u00fdm z\u00e1ujmom je:<\/p>\n<p><b>A) <\/b>ochrana majetku prev\u00e1dzkovate\u013ea pred kr\u00e1de\u017eou, vl\u00e1man\u00edm, l\u00fape\u017eou, resp. in\u00fdm vandalizmom ako aj zabezpe\u010denie bezpe\u010dnosti prev\u00e1dzkovate\u013ea a&nbsp;dotknut\u00fdch os\u00f4b;<br><b style=\"color: var( --e-global-color-text ); font-family: var( --e-global-typography-text-font-family ), Sans-serif; font-size: var( --e-global-typography-text-font-size ); text-align: var(--text-align);\">B) <\/b><span style=\"color: var( --e-global-color-text ); font-family: var( --e-global-typography-text-font-family ), Sans-serif; font-size: var( --e-global-typography-text-font-size ); font-weight: var( --e-global-typography-text-font-weight ); text-align: var(--text-align);\">ochrana \u017eivota a zdravia dotknut\u00fdch os\u00f4b \u2013 pacientov pri podstupovan\u00ed r\u00e1dioakt\u00edvnej lie\u010dby.<\/span><\/p>\n<p><b>Lehoty na vymazanie os. \u00fadajov:<\/b><\/p>\n<p><b>A) <\/b>14 dn\u00ed odo d\u0148a nasleduj\u00facom po dni, v&nbsp;ktorom bol z\u00e1znam vyhotoven\u00fd;<br><span style=\"color: var( --e-global-color-text ); font-family: var( --e-global-typography-text-font-family ), Sans-serif; font-size: var( --e-global-typography-text-font-size ); font-weight: var( --e-global-typography-text-font-weight ); text-align: var(--text-align);\"><strong>B)<\/strong> live streaming bez z\u00e1znamu.<\/span><\/p>\t\t\t\t\t\t\t\t<\/div>\n\t\t\t\t<\/div>\n\t\t\t\t<\/div>\n\t\t\t\t\t<\/details>\n\t\t\t\t\t\t<details id=\"e-n-accordion-item-1487\" class=\"e-n-accordion-item\" >\n\t\t\t\t<summary class=\"e-n-accordion-item-title\" data-accordion-index=\"8\" tabindex=\"-1\" aria-expanded=\"false\" aria-controls=\"e-n-accordion-item-1487\" >\n\t\t\t\t\t<span class='e-n-accordion-item-title-header'><div class=\"e-n-accordion-item-title-text\"> Verejn\u00e9 obstar\u00e1vanie  <\/div><\/span>\n\t\t\t\t\t\t\t\t\t<\/summary>\n\t\t\t\t<div role=\"region region\" aria-labelledby=\"e-n-accordion-item-7293 e-n-accordion-item-1487\" class=\"elementor-element elementor-element-16035cd e-con-full e-flex e-con e-child\" data-id=\"16035cd\" data-element_type=\"container\" data-e-type=\"container\">\n\t\t\t\t<div class=\"elementor-element elementor-element-2e69aa3 elementor-widget elementor-widget-text-editor\" data-id=\"2e69aa3\" data-element_type=\"widget\" data-e-type=\"widget\" data-widget_type=\"text-editor.default\">\n\t\t\t\t<div class=\"elementor-widget-container\">\n\t\t\t\t\t\t\t\t\t<p><b>\u00da\u010del:<\/b>\u00a0\u00da\u010delom sprac\u00favania osobn\u00fdch \u00fadajov v\u00a0r\u00e1mci predmetnej agendy je vedenie evidencie o fyzick\u00fdch osob\u00e1ch (najm\u00e4 konate\u013eoch pr\u00e1vnick\u00fdch os\u00f4b), ktor\u00e9 sa zo z\u00e1kona z\u00fa\u010dastnili verejn\u00e9ho obstar\u00e1vania na zabezpe\u010denie a\u00a0obstaranie tovarov, pr\u00e1c a\u00a0slu\u017eieb.<\/p><p><b>Pr\u00e1vny z\u00e1klad pod\u013ea GDPR: <\/b>Plnenie z\u00e1konnej povinnosti prev\u00e1dzkovate\u013ea v\u00a0<span style=\"color: var( --e-global-color-text ); font-family: var( --e-global-typography-text-font-family ), Sans-serif; font-size: var( --e-global-typography-text-font-size ); font-weight: var( --e-global-typography-text-font-weight ); text-align: var(--text-align);\">zmysle \u010dl\u00e1nku 6 ods. 1 p\u00edsm. c) Nariadenia. Sprac\u00favanie osobn\u00fdch \u00fadajov je povolen\u00e9 z\u00e1konom NR SR \u010d. 343\/2015 Z.z. o verejnom obstar\u00e1van\u00ed a o zmene a doplnen\u00ed niektor\u00fdch z\u00e1konov v znen\u00ed neskor\u0161\u00edch predpisov.<\/span><\/p><p><b>Lehoty na vymazanie os. \u00fadajov: <\/b>V zmysle Registrat\u00farneho poriadku.<\/p>\t\t\t\t\t\t\t\t<\/div>\n\t\t\t\t<\/div>\n\t\t\t\t<\/div>\n\t\t\t\t\t<\/details>\n\t\t\t\t\t\t<details id=\"e-n-accordion-item-1488\" class=\"e-n-accordion-item\" >\n\t\t\t\t<summary class=\"e-n-accordion-item-title\" data-accordion-index=\"9\" tabindex=\"-1\" aria-expanded=\"false\" aria-controls=\"e-n-accordion-item-1488\" >\n\t\t\t\t\t<span class='e-n-accordion-item-title-header'><div class=\"e-n-accordion-item-title-text\"> Zmluvn\u00e9 vz\u0165ahy  <\/div><\/span>\n\t\t\t\t\t\t\t\t\t<\/summary>\n\t\t\t\t<div role=\"region region\" aria-labelledby=\"e-n-accordion-item-7293 e-n-accordion-item-1488\" class=\"elementor-element elementor-element-7cbde65 e-con-full e-flex e-con e-child\" data-id=\"7cbde65\" data-element_type=\"container\" data-e-type=\"container\">\n\t\t\t\t<div class=\"elementor-element elementor-element-7417da5 elementor-widget elementor-widget-text-editor\" data-id=\"7417da5\" data-element_type=\"widget\" data-e-type=\"widget\" data-widget_type=\"text-editor.default\">\n\t\t\t\t<div class=\"elementor-widget-container\">\n\t\t\t\t\t\t\t\t\t<p><b>\u00da\u010del:<\/b>\u00a0\u00da\u010delom sprac\u00favania osobn\u00fdch \u00fadajov je sprac\u00favanie osobn\u00fdch \u00fadajov fyzick\u00fdch os\u00f4b v\u00a0r\u00e1mci pr\u00edpravy zmluvn\u00fdch vz\u0165ahov, prevodov majetku, n\u00e1jomn\u00fdch zml\u00fav, k\u00fapnych zml\u00fav, zml\u00fav o\u00a0spolupr\u00e1ci, mand\u00e1tnych zml\u00fav a\u00a0pod. \u010ealej je to z\u00fa\u010dast\u0148ovanie sa na vypracovan\u00ed zml\u00fav v r\u00e1mci dod\u00e1vate\u013esko \u2013 odberate\u013esk\u00fdch vz\u0165ahov, uplat\u0148ovanie pr\u00e1va na plnenie z\u00e1v\u00e4zkov zo zml\u00fav\u00a0a majetkov\u00fdch sankci\u00ed, pr\u00e1v na n\u00e1hradu \u0161kody a pod.\u00a0<\/p><p><b>Pr\u00e1vny z\u00e1klad pod\u013ea GDPR: <\/b>Plnenie zmluvy v\u00a0zmysle \u010dl\u00e1nku 6 ods. 1 p\u00edsm.b) a\u00a0c) Nariadenia. Z\u00e1kon \u010d. 40\/1964 Zb. Ob\u010diansky\u00a0 z\u00e1konn\u00edk v znen\u00ed neskor\u0161\u00edch predpisov, Z\u00e1kon \u010d. 513\/1991 Zb. Obchodn\u00fd z\u00e1konn\u00edk v znen\u00ed neskor\u0161\u00edch predpisov., Z\u00e1kon \u010d. 250\/2007 Z. z., zmluvy uzatvoren\u00e9 v\u00a0zmysle vy\u0161\u0161ie uveden\u00fdch pr\u00e1vnych predpisov.<\/p><p><b>Lehoty na vymazanie os. \u00fadajov: <\/b>10 rokov po skon\u010den\u00ed zmluvn\u00e9ho vz\u0165ahu.<\/p>\t\t\t\t\t\t\t\t<\/div>\n\t\t\t\t<\/div>\n\t\t\t\t<\/div>\n\t\t\t\t\t<\/details>\n\t\t\t\t\t\t<details id=\"e-n-accordion-item-1489\" class=\"e-n-accordion-item\" >\n\t\t\t\t<summary class=\"e-n-accordion-item-title\" data-accordion-index=\"10\" tabindex=\"-1\" aria-expanded=\"false\" aria-controls=\"e-n-accordion-item-1489\" >\n\t\t\t\t\t<span class='e-n-accordion-item-title-header'><div class=\"e-n-accordion-item-title-text\"> Evidencia ubytovan\u00fdch host\u00ed, evidencia cudzincov  <\/div><\/span>\n\t\t\t\t\t\t\t\t\t<\/summary>\n\t\t\t\t<div role=\"region region\" aria-labelledby=\"e-n-accordion-item-7293 e-n-accordion-item-1489\" class=\"elementor-element elementor-element-a39c3da e-con-full e-flex e-con e-child\" data-id=\"a39c3da\" data-element_type=\"container\" data-e-type=\"container\">\n\t\t\t\t<div class=\"elementor-element elementor-element-e351f3e elementor-widget elementor-widget-text-editor\" data-id=\"e351f3e\" data-element_type=\"widget\" data-e-type=\"widget\" data-widget_type=\"text-editor.default\">\n\t\t\t\t<div class=\"elementor-widget-container\">\n\t\t\t\t\t\t\t\t\t<p><b>\u00da\u010del:<\/b>\u00a0\u00da\u010delom sprac\u00favania osobn\u00fdch \u00fadajov je:<\/p><p>Evidencia ubytovan\u00fdch host\u00ed ako aj zasielanie hl\u00e1senia o\u00a0pobyte cudzincov. vz\u00e1jomn\u00e1 komunik\u00e1cia medzi z\u00e1ujemcom o\u00a0ubytovanie, ubytovan\u00fdm hos\u0165om a\u00a0poskytovate\u013eom ubytovania z\u00a0d\u00f4vodu rezerv\u00e1cie alebo zmeny podmienok pri poskytovan\u00ed ubytovania.<\/p><p><b>Pr\u00e1vny z\u00e1klad pod\u013ea GDPR:<\/b><\/p><p><b>A) <\/b>Plnenie z\u00e1konnej povinnosti prev\u00e1dzkovate\u013ea v\u00a0zmysle \u010dl\u00e1nku 6 ods. 1 p\u00edsm. c) Nariadenia. Z\u00e1kon NR SR \u010d. 253\/1998 Z. z. o\u00a0hl\u00e1sen\u00ed pobytu ob\u010danov Slovenskej republiky a\u00a0registri obyvate\u013eov Slovenskej republiky, z\u00e1konom NRSR \u010d.\u00a0404\/2011 o\u00a0pobyte cudzincov a\u00a0o\u00a0zmene a doplnen\u00ed niektor\u00fdch z\u00e1konov.<br \/><b style=\"color: var( --e-global-color-text ); font-family: var( --e-global-typography-text-font-family ), Sans-serif; font-size: var( --e-global-typography-text-font-size ); text-align: var(--text-align);\">B)<\/b><span style=\"color: var( --e-global-color-text ); font-family: var( --e-global-typography-text-font-family ), Sans-serif; font-size: var( --e-global-typography-text-font-size ); font-weight: var( --e-global-typography-text-font-weight ); text-align: var(--text-align);\"> Opr\u00e1vnen\u00fd z\u00e1ujem v\u00a0zmysle \u010dl\u00e1nku 6 ods. 1 p\u00edsm. f) Nariadenia. Hlavn\u00fdm opr\u00e1vnen\u00fdm z\u00e1ujmom je vz\u00e1jomn\u00e1 komunik\u00e1cia medzi z\u00e1ujemcom o\u00a0ubytovanie, ubytovan\u00fdm hos\u0165om a\u00a0poskytovate\u013eom ubytovania z\u00a0d\u00f4vodu rezerv\u00e1cie alebo zmeny podmienok pri poskytovan\u00ed ubytovania.<\/span><\/p><p>Lehoty na vymazanie os. \u00fadajov:<\/p><p><b>A) <\/b>Evidencia ubytovan\u00fdch host\u00ed \u2013 5 rokov od z\u00e1pisu do evidencie.<br \/><b style=\"color: var( --e-global-color-text ); font-family: var( --e-global-typography-text-font-family ), Sans-serif; font-size: var( --e-global-typography-text-font-size ); text-align: var(--text-align);\">B)<\/b><span style=\"color: var( --e-global-color-text ); font-family: var( --e-global-typography-text-font-family ), Sans-serif; font-size: var( --e-global-typography-text-font-size ); font-weight: var( --e-global-typography-text-font-weight ); text-align: var(--text-align);\"> Kontaktn\u00e9 \u00fadaje pri vz\u00e1jomnej komunik\u00e1cii \u2013 3 mesiace od poskytnutia slu\u017eieb ubytovania.<\/span><\/p>\t\t\t\t\t\t\t\t<\/div>\n\t\t\t\t<\/div>\n\t\t\t\t<\/div>\n\t\t\t\t\t<\/details>\n\t\t\t\t\t\t<details id=\"e-n-accordion-item-14810\" class=\"e-n-accordion-item\" >\n\t\t\t\t<summary class=\"e-n-accordion-item-title\" data-accordion-index=\"11\" tabindex=\"-1\" aria-expanded=\"false\" aria-controls=\"e-n-accordion-item-14810\" >\n\t\t\t\t\t<span class='e-n-accordion-item-title-header'><div class=\"e-n-accordion-item-title-text\"> Odborn\u00e1 prax  <\/div><\/span>\n\t\t\t\t\t\t\t\t\t<\/summary>\n\t\t\t\t<div role=\"region region\" aria-labelledby=\"e-n-accordion-item-7293 e-n-accordion-item-14810\" class=\"elementor-element elementor-element-48fd0a8 e-con-full e-flex e-con e-child\" data-id=\"48fd0a8\" data-element_type=\"container\" data-e-type=\"container\">\n\t\t\t\t<div class=\"elementor-element elementor-element-6acbdae elementor-widget elementor-widget-text-editor\" data-id=\"6acbdae\" data-element_type=\"widget\" data-e-type=\"widget\" data-widget_type=\"text-editor.default\">\n\t\t\t\t<div class=\"elementor-widget-container\">\n\t\t\t\t\t\t\t\t\t<p><b>\u00da\u010del:\u00a0<\/b>\u00da\u010delom sprac\u00favania osobn\u00fdch \u00fadajov v\u00a0r\u00e1mci predmetnej agendy\u00a0 je vedenie evidencie o fyzick\u00fdch osob\u00e1ch \u2013\u017eiakoch, ktor\u00ed sa z\u00fa\u010dastnia na odbornej praxi (praktickom vyu\u010dovan\u00ed) u\u00a0prev\u00e1dzkovate\u013ea IS trvaj\u00facej vopred vymedzen\u00fd \u010das.<\/p><p><b>Pr\u00e1vny z\u00e1klad pod\u013ea GDPR: <\/b>Plnenie z\u00e1konnej povinnosti prev\u00e1dzkovate\u013ea v zmysle \u010dl\u00e1nku 6 ods. 1 p\u00edsm. c) Nariadenia. Z\u00e1kon NR SR \u010d. 245\/2008 Z. z. o v\u00fdchove a vzdel\u00e1van\u00ed (\u0160kolsk\u00fd z\u00e1kon) a o\u00a0zmene a\u00a0doplnen\u00ed niektor\u00fdch z\u00e1konov v znen\u00ed neskor\u0161\u00edch predpisov.<\/p><p><b>Lehoty na vymazanie os. \u00fadajov: <\/b>10 rokov.<\/p>\t\t\t\t\t\t\t\t<\/div>\n\t\t\t\t<\/div>\n\t\t\t\t<\/div>\n\t\t\t\t\t<\/details>\n\t\t\t\t\t<\/div>\n\t\t\t\t\t\t<\/div>\n\t\t\t\t<\/div>\n\t\t\t\t<\/div>\n\t\t\t\t\t<\/details>\n\t\t\t\t\t\t<details id=\"e-n-accordion-item-7294\" class=\"e-n-accordion-item\" >\n\t\t\t\t<summary class=\"e-n-accordion-item-title\" data-accordion-index=\"5\" tabindex=\"-1\" aria-expanded=\"false\" aria-controls=\"e-n-accordion-item-7294\" >\n\t\t\t\t\t<span class='e-n-accordion-item-title-header'><div class=\"e-n-accordion-item-title-text\"> 5. S\u00fa va\u0161e osobn\u00e9 \u00fadaje pren\u00e1\u0161an\u00e9 do tret\u00edch kraj\u00edn?  <\/div><\/span>\n\t\t\t\t\t\t\t<span class='e-n-accordion-item-title-icon'>\n\t\t\t<span class='e-opened' ><svg aria-hidden=\"true\" class=\"e-font-icon-svg e-fas-minus\" viewBox=\"0 0 448 512\" xmlns=\"http:\/\/www.w3.org\/2000\/svg\"><path d=\"M416 208H32c-17.67 0-32 14.33-32 32v32c0 17.67 14.33 32 32 32h384c17.67 0 32-14.33 32-32v-32c0-17.67-14.33-32-32-32z\"><\/path><\/svg><\/span>\n\t\t\t<span class='e-closed'><svg aria-hidden=\"true\" class=\"e-font-icon-svg e-fas-plus\" viewBox=\"0 0 448 512\" xmlns=\"http:\/\/www.w3.org\/2000\/svg\"><path d=\"M416 208H272V64c0-17.67-14.33-32-32-32h-32c-17.67 0-32 14.33-32 32v144H32c-17.67 0-32 14.33-32 32v32c0 17.67 14.33 32 32 32h144v144c0 17.67 14.33 32 32 32h32c17.67 0 32-14.33 32-32V304h144c17.67 0 32-14.33 32-32v-32c0-17.67-14.33-32-32-32z\"><\/path><\/svg><\/span>\n\t\t<\/span>\n\n\t\t\t\t\t\t<\/summary>\n\t\t\t\t<div role=\"region\" aria-labelledby=\"e-n-accordion-item-7294\" class=\"elementor-element elementor-element-115abb9 e-con-full e-flex e-con e-child\" data-id=\"115abb9\" data-element_type=\"container\" data-e-type=\"container\">\n\t\t\t\t<div class=\"elementor-element elementor-element-b246aae elementor-widget elementor-widget-text-editor\" data-id=\"b246aae\" data-element_type=\"widget\" data-e-type=\"widget\" data-widget_type=\"text-editor.default\">\n\t\t\t\t<div class=\"elementor-widget-container\">\n\t\t\t\t\t\t\t\t\t<p>V pr\u00edpade evidencii uch\u00e1dza\u010dov o zamestnanie cez port\u00e1l Profesia.sk \u2013 uskuto\u010d\u0148uje prenos osobn\u00fdch \u00fadajov do USA (Kalifornia). Profesia.sk m\u00e1 uzatvoren\u00e9 \u0160tandardn\u00e9 zmluvn\u00e9 dolo\u017eky o\u00a0prenose osobn\u00fdch \u00fadajov do tretej krajiny.<\/p><p>V\u00a0in\u00fdch pr\u00edpadoch sa cezhrani\u010dn\u00fd prenos neuskuto\u010d\u0148uje.<\/p>\t\t\t\t\t\t\t\t<\/div>\n\t\t\t\t<\/div>\n\t\t\t\t<\/div>\n\t\t\t\t\t<\/details>\n\t\t\t\t\t\t<details id=\"e-n-accordion-item-7295\" class=\"e-n-accordion-item\" >\n\t\t\t\t<summary class=\"e-n-accordion-item-title\" data-accordion-index=\"6\" tabindex=\"-1\" aria-expanded=\"false\" aria-controls=\"e-n-accordion-item-7295\" >\n\t\t\t\t\t<span class='e-n-accordion-item-title-header'><div class=\"e-n-accordion-item-title-text\"> 6. Ak\u00e9 pr\u00e1va m\u00e1te ako dotknut\u00e1 osoba?  <\/div><\/span>\n\t\t\t\t\t\t\t<span class='e-n-accordion-item-title-icon'>\n\t\t\t<span class='e-opened' ><svg aria-hidden=\"true\" class=\"e-font-icon-svg e-fas-minus\" viewBox=\"0 0 448 512\" xmlns=\"http:\/\/www.w3.org\/2000\/svg\"><path d=\"M416 208H32c-17.67 0-32 14.33-32 32v32c0 17.67 14.33 32 32 32h384c17.67 0 32-14.33 32-32v-32c0-17.67-14.33-32-32-32z\"><\/path><\/svg><\/span>\n\t\t\t<span class='e-closed'><svg aria-hidden=\"true\" class=\"e-font-icon-svg e-fas-plus\" viewBox=\"0 0 448 512\" xmlns=\"http:\/\/www.w3.org\/2000\/svg\"><path d=\"M416 208H272V64c0-17.67-14.33-32-32-32h-32c-17.67 0-32 14.33-32 32v144H32c-17.67 0-32 14.33-32 32v32c0 17.67 14.33 32 32 32h144v144c0 17.67 14.33 32 32 32h32c17.67 0 32-14.33 32-32V304h144c17.67 0 32-14.33 32-32v-32c0-17.67-14.33-32-32-32z\"><\/path><\/svg><\/span>\n\t\t<\/span>\n\n\t\t\t\t\t\t<\/summary>\n\t\t\t\t<div role=\"region\" aria-labelledby=\"e-n-accordion-item-7295\" class=\"elementor-element elementor-element-b1238b9 e-con-full e-flex e-con e-child\" data-id=\"b1238b9\" data-element_type=\"container\" data-e-type=\"container\">\n\t\t\t\t<div class=\"elementor-element elementor-element-5da566b elementor-widget elementor-widget-text-editor\" data-id=\"5da566b\" data-element_type=\"widget\" data-e-type=\"widget\" data-widget_type=\"text-editor.default\">\n\t\t\t\t<div class=\"elementor-widget-container\">\n\t\t\t\t\t\t\t\t\t<p>Dotknut\u00e9 osoby, o\u00a0ktor\u00fdch s\u00fa sprac\u00favan\u00e9 osobn\u00e9 \u00fadaje v\u00a0na\u0161ich informa\u010dn\u00fdch syst\u00e9moch\u00a0pre konkr\u00e9tne vymedzen\u00e9 \u00fa\u010dely si m\u00f4\u017eu uplatni\u0165 p\u00edsomne alebo elektronicky nasledovn\u00e9 pr\u00e1va:<\/p><ol><li type=\"a\"><b>Pr\u00e1vo na pr\u00edstup k osobn\u00fdm \u00fadajom<\/b> \u2013 ide o pr\u00e1vo z\u00edska\u0165 potvrdenie o\u00a0tom, \u010di sa sprac\u00favaj\u00fa Va\u0161e osobn\u00e9 \u00fadaje ako aj pr\u00e1vo z\u00edska\u0165 pr\u00edstup k\u00a0t\u00fdmto \u00fadajom, a to v\u00a0rozsahu \u00fa\u010delov a\u00a0doby sprac\u00favania, kateg\u00f3rie dotknut\u00fdch osobn\u00fdch \u00fadajov, okruhu pr\u00edjemcov, o\u00a0postupe v\u00a0ka\u017edom automatizovanom sprac\u00favan\u00ed, pr\u00edpadne o\u00a0n\u00e1sledkoch tak\u00e9hoto sprac\u00favania. Ako prev\u00e1dzkovate\u013e m\u00e1me pr\u00e1vo pou\u017ei\u0165 v\u0161etky primeran\u00e9 opatrenia na overenie toto\u017enosti dotknutej osoby, ktor\u00e1 \u017eiada o\u00a0pr\u00edstup k\u00a0\u00fadajom, najm\u00e4 v\u00a0s\u00favislosti s\u00a0online slu\u017ebami a identifik\u00e1tormi (\u010dl\u00e1nok 15, recit\u00e1l 63, 64 Nariadenia).<\/li><li type=\"a\"><b>Pr\u00e1vo na opravu<\/b> nespr\u00e1vnych a\u00a0doplnenie ne\u00fapln\u00fdch osobn\u00fdch \u00fadajov (\u010dl\u00e1nok 16, recit\u00e1l 65 Nariadenia).<\/li><li type=\"a\"><b>Pr\u00e1vo na v\u00fdmaz<\/b> \u2013\u201ezabudnutie\u201c t\u00fdch osobn\u00fdch \u00fadajov, ktor\u00e9 u\u017e nie s\u00fa potrebn\u00e9 na \u00fa\u010dely, na ktor\u00e9 sa z\u00edskavali\u00a0sprac\u00favali\u037e pri odvolan\u00ed s\u00fahlasu, na z\u00e1klade ktor\u00e9ho sa sprac\u00favanie vykon\u00e1va\u037e pri nez\u00e1konnom sprac\u00favan\u00ed\u037e ak sa osobn\u00e9 \u00fadaje z\u00edskavali v\u00a0s\u00favislosti s\u00a0ponukou informa\u010dnej spolo\u010dnosti (pri de\u0165och), a\u00a0to za naplnenia podmienok uveden\u00fdch v\u00a0\u010dl\u00e1nku 17, recit\u00e1l 65, 66\u00a0 Nariadenia.<\/li><li type=\"a\"><b>Pr\u00e1vo na obmedzenie sprac\u00favania<\/b> je mo\u017en\u00e9 uplatni\u0165, ak ako dotknut\u00e1 osoba napadnete spr\u00e1vnos\u0165 osobn\u00fdch \u00fadajov a\u00a0ostatn\u00fdch n\u00e1le\u017eitost\u00ed v\u00a0zmysle \u010dl\u00e1nku 18, recit\u00e1lu 67 Nariadenia, a\u00a0to formou do\u010dasn\u00e9ho presunutia vybran\u00fdch osobn\u00fdch \u00fadajov do in\u00e9ho syst\u00e9mu sprac\u00favania, zamedzenia pr\u00edstupu pou\u017e\u00edvate\u013eov k\u00a0vybran\u00fdm osobn\u00fdm \u00fadajom alebo do\u010dasn\u00e9 odstr\u00e1nenie sprac\u00favania.<\/li><li type=\"a\"><b>Pr\u00e1vo na prenosnos\u0165<\/b> osobn\u00fdch \u00fadajov je pr\u00e1vo Vami poskytnut\u00e9 osobn\u00e9 \u00fadaje do na\u0161ich informa\u010dn\u00fdch syst\u00e9mov na z\u00e1klade s\u00fahlasu alebo plnenia zmluvy prenies\u0165 k\u00a0\u010fal\u0161iemu prev\u00e1dzkovate\u013eovi v\u00a0\u0161trukt\u00farovanom, be\u017ene pou\u017e\u00edvanom a\u00a0strojovo \u010ditate\u013enom form\u00e1te, pokia\u013e je to technicky mo\u017en\u00e9 aj za naplnenia podmienok \u010dl\u00e1nku 20, recit\u00e1lu 68 Nariadenia v\u00a0pr\u00edpade, ak sa sprac\u00favanie vykon\u00e1va automatizovan\u00fdmi prostriedkami. Uplat\u0148ovan\u00edm tohto pr\u00e1va nie je dotknut\u00fd \u010dl\u00e1nok 17 Nariadenia. Pr\u00e1vo na prenosnos\u0165 \u00fadajov sa nevz\u0165ahuje na sprac\u00favanie nevyhnutn\u00e9 na splnenie \u00falohy realizovanej vo verejnom z\u00e1ujme alebo pri v\u00fdkone verejnej moci zverenej n\u00e1m ako prev\u00e1dzkovate\u013eovi.<\/li><li type=\"a\"><b>Pr\u00e1vo na s\u0165a\u017enos\u0165<\/b> &#8211; Bez toho, aby boli dotknut\u00e9 ak\u00e9ko\u013evek in\u00e9 spr\u00e1vne alebo s\u00fadne prostriedky n\u00e1pravy, m\u00e1te ako dotknut\u00e1 osoba pr\u00e1vo poda\u0165 v zmysle \u010dl\u00e1nku 77 Nariadenia s\u0165a\u017enos\u0165 na dozorn\u00fd org\u00e1n, ktor\u00fdm je \u00darad na ochranu osobn\u00fdch \u00fadajov SR, N\u00e1mestie 1. m\u00e1ja 18, 811 06 Bratislava; tel. \u010d\u00edslo: +421 2 3231 3214+ email: <a href=\"mailto:statny.dozor@pdp.gov.sk\">statny.dozor@pdp.gov.sk<\/a> ; webov\u00e9 s\u00eddlo: <a href=\"https:\/\/dataprotection.gov.sk\/\">https:\/\/dataprotection.gov.sk<\/a>, ak sa domnievate, \u017ee sprac\u00favanie osobn\u00fdch \u00fadajov, ktor\u00e9 sa V\u00e1s t\u00fdkaj\u00fa, je v\u00a0rozpore s\u00a0Nariaden\u00edm alebo Z\u00e1konom o\u00a0ochrane osobn\u00fdch \u00fadajov.<p>Ako dotknut\u00e1 osoba <strong><u>m\u00e1te tie\u017e pr\u00e1vo kedyko\u013evek namieta\u0165<\/u><\/strong> z\u00a0d\u00f4vodov t\u00fdkaj\u00facich sa konkr\u00e9tnej situ\u00e1cie proti sprac\u00favaniu Va\u0161ich osobn\u00fdch \u00fadajov, ktor\u00e9 s\u00fa nevyhnutn\u00e9 na splnenie \u00falohy realizovanej vo verejnom z\u00e1ujme alebo pri v\u00fdkone verejnej moci zverenej n\u00e1m ako prev\u00e1dzkovate\u013eovi a\u00a0taktie\u017e ak je sprac\u00favanie nevyhnutn\u00e9 na \u00fa\u010dely opr\u00e1vnen\u00fdch z\u00e1ujmov, ktor\u00e9 sledujeme ako prev\u00e1dzkovate\u013e alebo tretia strana (okrem sprac\u00favania vykon\u00e1vanom org\u00e1nmi verejnej moci pri plnen\u00ed ich \u00faloh), s\u00a0v\u00fdnimkou pr\u00edpadov, ke\u010f nad tak\u00fdmito z\u00e1ujmami preva\u017euj\u00fa Va\u0161e z\u00e1ujmy alebo z\u00e1kladn\u00e9 pr\u00e1va a\u00a0slobody ako dotknutej osoby, ktor\u00e9 si vy\u017eaduj\u00fa ochranu osobn\u00fdch \u00fadajov (najm\u00e4 ak je dotknutou osobou die\u0165a).<\/p><p><em>Spolo\u010dnos\u0165 BIONT, a.s., Karlovesk\u00e1 63, 842 29 Bratislava prijala ako prev\u00e1dzkovate\u013e informa\u010dn\u00e9ho syst\u00e9mu v\u0161etky primeran\u00e9 person\u00e1lne, organiza\u010dn\u00e9 a\u00a0technick\u00e9 opatrenia za \u00fa\u010delom maxim\u00e1lnej ochrany Va\u0161ich osobn\u00fdch \u00fadajov s\u00a0cie\u013eom v\u00a0\u010do najv\u00e4\u010d\u0161ej miere zn\u00ed\u017ei\u0165 riziko ich zneu\u017eitia, \u00faniku a podobne. V\u00a0zmysle na\u0161ej povinnosti vypl\u00fdvaj\u00facej z\u00a0\u010dl\u00e1nku 34 Nariadenia V\u00e1m ako dotknut\u00fdm osob\u00e1m oznamujeme, \u017ee ak nastane situ\u00e1cia, \u017ee ako prev\u00e1dzkovate\u013e poru\u0161\u00edme ochranu Va\u0161ich osobn\u00fdch \u00fadajov sp\u00f4sobom, ktor\u00fd pravdepodobne povedie k\u00a0vysok\u00e9mu riziku poru\u0161enia pr\u00e1v a slob\u00f4d fyzick\u00fdch os\u00f4b, bez zbyto\u010dn\u00e9ho odkladu V\u00e1m t\u00fato skuto\u010dnos\u0165 ozn\u00e1mime.<\/em><\/p><p>UPOZORNENIE: Z\u00a0d\u00f4vodu dodr\u017eiavania z\u00e1sady minimaliz\u00e1cie s\u00fa v\u0161etky Vami poskytnut\u00e9 osobn\u00e9 \u00fadaje len nevyhnutnou z\u00e1konnou alebo zmluvnou po\u017eiadavkou pre naplnenie \u00fa\u010delu ich sprac\u00favania. Neposkytnutie povinn\u00fdch \u00fadajov nevyhnutn\u00fdch na uzatvorenie zmluvy m\u00f4\u017ee ma\u0165 za n\u00e1sledok neuzavretie zmluvn\u00e9ho vz\u0165ahu.<\/p><p>Pokia\u013e s\u00fa Va\u0161e osobn\u00e9 \u00fadaje sprac\u00favan\u00e9 na z\u00e1klade s\u00fahlasu pod\u013ea \u010dl\u00e1nku 6 ods. 1 p\u00edsm. a) Nariadenia a\u00a0z\u00e1kona o\u00a0ochrane osobn\u00fdch \u00fadajov, ako dotknut\u00e1 osoba, m\u00e1te tie\u017e pr\u00e1vo kedyko\u013evek odvola\u0165 udelen\u00fd s\u00fahlas so spracovan\u00edm osobn\u00fdch \u00fadajov, a to aj pred uplynut\u00edm doby, na ktor\u00fa bol tento s\u00fahlas udelen\u00fd, a to nasleduj\u00facimi sp\u00f4sobmi:<\/p><ol><li type=\"a\">emailovou \u017eiados\u0165ou zaslanou na adresu <a href=\"mailto:gdpr@biont.sk\">gdpr@biont.sk<\/a> alebo<\/li><li type=\"a\">zaslan\u00edm p\u00edsomnej \u017eiadosti na adresu s\u00eddla prev\u00e1dzkovate\u013ea s uveden\u00edm textu \u201eGDPR &#8211; odvolanie s\u00fahlasu\u201c na ob\u00e1lke.<\/li><\/ol><\/li><\/ol>\t\t\t\t\t\t\t\t<\/div>\n\t\t\t\t<\/div>\n\t\t\t\t<\/div>\n\t\t\t\t\t<\/details>\n\t\t\t\t\t\t<details id=\"e-n-accordion-item-7296\" class=\"e-n-accordion-item\" >\n\t\t\t\t<summary class=\"e-n-accordion-item-title\" data-accordion-index=\"7\" tabindex=\"-1\" aria-expanded=\"false\" aria-controls=\"e-n-accordion-item-7296\" >\n\t\t\t\t\t<span class='e-n-accordion-item-title-header'><div class=\"e-n-accordion-item-title-text\"> 7. Platnos\u0165  <\/div><\/span>\n\t\t\t\t\t\t\t<span class='e-n-accordion-item-title-icon'>\n\t\t\t<span class='e-opened' ><svg aria-hidden=\"true\" class=\"e-font-icon-svg e-fas-minus\" viewBox=\"0 0 448 512\" xmlns=\"http:\/\/www.w3.org\/2000\/svg\"><path d=\"M416 208H32c-17.67 0-32 14.33-32 32v32c0 17.67 14.33 32 32 32h384c17.67 0 32-14.33 32-32v-32c0-17.67-14.33-32-32-32z\"><\/path><\/svg><\/span>\n\t\t\t<span class='e-closed'><svg aria-hidden=\"true\" class=\"e-font-icon-svg e-fas-plus\" viewBox=\"0 0 448 512\" xmlns=\"http:\/\/www.w3.org\/2000\/svg\"><path d=\"M416 208H272V64c0-17.67-14.33-32-32-32h-32c-17.67 0-32 14.33-32 32v144H32c-17.67 0-32 14.33-32 32v32c0 17.67 14.33 32 32 32h144v144c0 17.67 14.33 32 32 32h32c17.67 0 32-14.33 32-32V304h144c17.67 0 32-14.33 32-32v-32c0-17.67-14.33-32-32-32z\"><\/path><\/svg><\/span>\n\t\t<\/span>\n\n\t\t\t\t\t\t<\/summary>\n\t\t\t\t<div role=\"region\" aria-labelledby=\"e-n-accordion-item-7296\" class=\"elementor-element elementor-element-7d951ce e-con-full e-flex e-con e-child\" data-id=\"7d951ce\" data-element_type=\"container\" data-e-type=\"container\">\n\t\t\t\t<div class=\"elementor-element elementor-element-61e669d elementor-widget elementor-widget-text-editor\" data-id=\"61e669d\" data-element_type=\"widget\" data-e-type=\"widget\" data-widget_type=\"text-editor.default\">\n\t\t\t\t<div class=\"elementor-widget-container\">\n\t\t\t\t\t\t\t\t\t<p>Prev\u00e1dzkovate\u013e je opr\u00e1vnen\u00fd meni\u0165 alebo aktualizova\u0165 tieto Z\u00e1sady ochrany osobn\u00fdch \u00fadajov pod\u013ea potreby kedyko\u013evek, a to uverejnen\u00edm ich aktualizovan\u00e9ho znenia na svojej webovej str\u00e1nke.<\/p><p>Platn\u00e9 od 01.04.2024.\u00a0<\/p>\t\t\t\t\t\t\t\t<\/div>\n\t\t\t\t<\/div>\n\t\t\t\t<\/div>\n\t\t\t\t\t<\/details>\n\t\t\t\t\t<\/div>\n\t\t\t\t\t\t<\/div>\n\t\t\t\t<\/div>\n\t\t<div class=\"elementor-element elementor-element-06ee24d e-con-full e-flex e-con e-child\" data-id=\"06ee24d\" data-element_type=\"container\" data-e-type=\"container\" data-settings=\"{&quot;background_background&quot;:&quot;classic&quot;}\">\n\t\t<div class=\"elementor-element elementor-element-77dbf6d e-con-full e-flex e-con e-child\" data-id=\"77dbf6d\" data-element_type=\"container\" data-e-type=\"container\">\n\t\t\t\t<div class=\"elementor-element elementor-element-80be25e elementor-widget elementor-widget-heading\" data-id=\"80be25e\" data-element_type=\"widget\" data-e-type=\"widget\" data-widget_type=\"heading.default\">\n\t\t\t\t<div class=\"elementor-widget-container\">\n\t\t\t\t\t<h4 class=\"elementor-heading-title elementor-size-default\">Z\u00e1sady ochrany osobn\u00fdch \u00fadajov<\/h4>\t\t\t\t<\/div>\n\t\t\t\t<\/div>\n\t\t\t\t<\/div>\n\t\t<div class=\"elementor-element elementor-element-c56fd26 e-con-full e-flex e-con e-child\" data-id=\"c56fd26\" data-element_type=\"container\" data-e-type=\"container\">\n\t\t\t\t<div class=\"elementor-element elementor-element-ce9b8d1 elementor-align-right elementor-widget elementor-widget-button\" data-id=\"ce9b8d1\" data-element_type=\"widget\" data-e-type=\"widget\" data-widget_type=\"button.default\">\n\t\t\t\t<div class=\"elementor-widget-container\">\n\t\t\t\t\t\t\t\t\t<div class=\"elementor-button-wrapper\">\n\t\t\t\t\t<a class=\"elementor-button elementor-button-link elementor-size-sm\" href=\"https:\/\/www.biont.sk\/%77%70%2d%63%6f%6e%74%65%6e%74\/uploads\/2024\/04\/Informacna-povinnost-cl.13-GDPR-002-Zasady-ochrany-osobnych-udajov-priloha-smernice.pdf\" target=\"_blank\">\n\t\t\t\t\t\t<span class=\"elementor-button-content-wrapper\">\n\t\t\t\t\t\t\t\t\t<span class=\"elementor-button-text\">Stiahnu\u0165 (.pdf)<\/span>\n\t\t\t\t\t<\/span>\n\t\t\t\t\t<\/a>\n\t\t\t\t<\/div>\n\t\t\t\t\t\t\t\t<\/div>\n\t\t\t\t<\/div>\n\t\t\t\t<\/div>\n\t\t\t\t<\/div>\n\t\t\t\t\t<\/div>\n\t\t\t\t<\/div>\n\t\t\t\t<\/div>\n\t\t","protected":false},"excerpt":{"rendered":"<p>Ochrana osobn\u00fdch \u00fadajov Zabezpe\u010denie ochrany va\u0161ich osobn\u00fdch \u00fadajov je pre n\u00e1s ve\u013emi d\u00f4le\u017eit\u00e9. Preto pri sprac\u00favan\u00ed osobn\u00fdch \u00fadajov d\u00f4sledne dodr\u017eiavame platn\u00e9 pr\u00e1vne predpisy, najm\u00e4 princ\u00edpy a po\u017eiadavky vypl\u00fdvaj\u00face z Nariadenia Eur\u00f3pskeho parlamentu a Rady (E\u00da) 2016\/679, tzv. GDPR, a pr\u00edslu\u0161n\u00fdch ustanoven\u00ed Z\u00e1kona NR SR \u010d. 18\/2018 o ochrane osobn\u00fdch \u00fadajov a o zmene a doplnen\u00ed [&hellip;]<\/p>\n","protected":false},"author":123461,"featured_media":0,"parent":0,"menu_order":0,"comment_status":"closed","ping_status":"closed","template":"","meta":{"footnotes":""},"class_list":["post-8998","page","type-page","status-publish","hentry"],"_links":{"self":[{"href":"https:\/\/www.biont.sk\/%77%70%2d%6a%73%6f%6e\/wp\/v2\/pages\/8998","targetHints":{"allow":["GET"]}}],"collection":[{"href":"https:\/\/www.biont.sk\/%77%70%2d%6a%73%6f%6e\/wp\/v2\/pages"}],"about":[{"href":"https:\/\/www.biont.sk\/%77%70%2d%6a%73%6f%6e\/wp\/v2\/types\/page"}],"author":[{"embeddable":true,"href":"https:\/\/www.biont.sk\/%77%70%2d%6a%73%6f%6e\/wp\/v2\/users\/123461"}],"replies":[{"embeddable":true,"href":"https:\/\/www.biont.sk\/%77%70%2d%6a%73%6f%6e\/wp\/v2\/comments?post=8998"}],"version-history":[{"count":119,"href":"https:\/\/www.biont.sk\/%77%70%2d%6a%73%6f%6e\/wp\/v2\/pages\/8998\/revisions"}],"predecessor-version":[{"id":9966,"href":"https:\/\/www.biont.sk\/%77%70%2d%6a%73%6f%6e\/wp\/v2\/pages\/8998\/revisions\/9966"}],"wp:attachment":[{"href":"https:\/\/www.biont.sk\/%77%70%2d%6a%73%6f%6e\/wp\/v2\/media?parent=8998"}],"curies":[{"name":"wp","href":"https:\/\/api.w.org\/{rel}","templated":true}]}}